{"id":3421,"date":"2025-02-16T20:29:58","date_gmt":"2025-02-16T19:29:58","guid":{"rendered":"https:\/\/eva-schug.de\/?page_id=3421"},"modified":"2025-03-08T15:16:40","modified_gmt":"2025-03-08T14:16:40","slug":"proteccion-de-datos","status":"publish","type":"page","link":"https:\/\/content-creator-team.com\/es\/proteccion-de-datos\/","title":{"rendered":"Protecci\u00f3n de datos"},"content":{"rendered":"<div data-elementor-type=\"wp-page\" data-elementor-id=\"3421\" class=\"elementor elementor-3421\">\n\t\t\t\t<div class=\"elementor-element elementor-element-56fa0b09 e-flex e-con-boxed e-con e-parent\" data-id=\"56fa0b09\" data-element_type=\"container\" data-e-type=\"container\">\n\t\t\t\t\t<div class=\"e-con-inner\">\n\t\t\t\t<div class=\"elementor-element elementor-element-7a7037c elementor-widget elementor-widget-html\" data-id=\"7a7037c\" data-element_type=\"widget\" data-e-type=\"widget\" data-widget_type=\"html.default\">\n\t\t\t\t<div class=\"elementor-widget-container\">\n\t\t\t\t\t<h1>Declaraci\u00f3n de privacidad<\/h1>\n<h2>1. la protecci\u00f3n de datos de un vistazo<\/h2>\n<h3>Informaci\u00f3n general<\/h3> <p>Las siguientes notas le ofrecen una visi\u00f3n general sencilla de lo que ocurre con sus datos personales al visitar este sitio web. Los datos personales son todos aquellos que permiten identificarle personalmente. Para obtener informaci\u00f3n detallada sobre la protecci\u00f3n de datos, consulte nuestra pol\u00edtica de privacidad, que se encuentra debajo de este texto.<\/p>\n<h3>Recogida de datos en este sitio web<\/h3> <h4>\u00bfQui\u00e9n es el responsable de la recopilaci\u00f3n de datos en este sitio web?<\/h4> <p>El procesamiento de datos en este sitio web lo lleva a cabo el operador del sitio web. Puede encontrar sus datos de contacto en la secci\u00f3n \u201eAviso sobre la entidad responsable\u201c de esta pol\u00edtica de privacidad.<\/p> <h4>\u00bfC\u00f3mo recogemos sus datos?<\/h4> <p>Sus datos se recopilan, en parte, porque nos los proporciona. Estos pueden ser, por ejemplo, datos que usted introduce en un formulario de contacto.<\/p> <p>Otros datos se recopilan autom\u00e1ticamente o con su consentimiento al visitar el sitio web a trav\u00e9s de nuestros sistemas de TI. Se trata principalmente de datos t\u00e9cnicos (por ejemplo, navegador de Internet, sistema operativo u hora de acceso a la p\u00e1gina). La recopilaci\u00f3n de estos datos se realiza autom\u00e1ticamente tan pronto como accede a este sitio web.<\/p> <h4>\u00bfPara qu\u00e9 usamos sus datos?<\/h4> <p>Parte de los datos se recopilan para garantizar la correcta prestaci\u00f3n del sitio web. Otros datos pueden utilizarse para analizar su comportamiento como usuario.<\/p> <h4>\u00bfQu\u00e9 derechos tiene sobre sus datos?<\/h4> <p>Usted tiene derecho a recibir informaci\u00f3n gratuita sobre el origen, los destinatarios y el prop\u00f3sito de sus datos personales almacenados en cualquier momento. Tambi\u00e9n tiene derecho a solicitar la correcci\u00f3n o eliminaci\u00f3n de estos datos. Si ha otorgado su consentimiento para el procesamiento de datos, puede revocar este consentimiento en cualquier momento para el futuro. Adem\u00e1s, tiene derecho a solicitar la restricci\u00f3n del procesamiento de sus datos personales bajo ciertas circunstancias. Por otra parte, tiene derecho a presentar una queja ante la autoridad supervisora competente.<\/p> <p>Para esto, as\u00ed como para otras preguntas sobre protecci\u00f3n de datos, puede contactarnos en cualquier momento.<\/p>\n<h3>Herramientas de an\u00e1lisis y herramientas de terceros<\/h3> <p>Cuando visita este sitio web, su comportamiento de navegaci\u00f3n puede ser evaluado estad\u00edsticamente. Esto se hace principalmente con los llamados programas de an\u00e1lisis.<\/p> <p>Puede encontrar informaci\u00f3n detallada sobre estos programas de an\u00e1lisis en la siguiente declaraci\u00f3n de privacidad.<\/p>\n<h2>2. alojamiento<\/h2>\n<p>Alojamos el contenido de nuestro sitio web con el siguiente proveedor:<\/p>\n<h3>All-Inkl<\/h3> <p>El proveedor es ALL-INKL.COM - Neue Medien M\u00fcnnich, Inh. Ren\u00e9 M\u00fcnnich, Hauptstra\u00dfe 68, 02742 Friedersdorf (en adelante All-Inkl). Para m\u00e1s detalles, consulte la declaraci\u00f3n de privacidad de All-Inkl: <a href=\"https:\/\/all-inkl.com\/datenschutzinformationen\/\" target=\"_blank\" rel=\"noopener noreferrer\">https:\/\/all-inkl.com\/datenschutzinformationen\/<\/a>.<\/p> <p>El uso de All-Inkl se basa en el Art\u00edculo 6, p\u00e1rrafo 1, letra f del RGPD. Tenemos un inter\u00e9s leg\u00edtimo en una representaci\u00f3n lo m\u00e1s fiable posible de nuestro sitio web. Siempre que se haya solicitado el consentimiento correspondiente, el tratamiento se basar\u00e1 exclusivamente en el Art\u00edculo 6, p\u00e1rrafo 1, letra a del RGPD y el \u00a7 25, p\u00e1rrafo 1, de la TTDSG, en la medida en que el consentimiento abarque el almacenamiento de cookies o el acceso a informaci\u00f3n en el dispositivo final del usuario (por ejemplo, la creaci\u00f3n de huellas digitales del dispositivo) en el sentido de la TTDSG. El consentimiento puede revocarse en cualquier momento.<\/p>\n\n<h4>Tramitaci\u00f3n de pedidos<\/h4> <p>Hemos celebrado un acuerdo de procesamiento de datos (AVV) para el uso del servicio mencionado anteriormente. Este es un contrato legalmente requerido en materia de protecci\u00f3n de datos que garantiza que solo procesar\u00e1 los datos personales de los visitantes de nuestro sitio web seg\u00fan nuestras instrucciones y de acuerdo con el GDPR.<\/p>\n<h2>3. Indicaciones generales e informaci\u00f3n obligatoria<\/h2>\n<h3>Protecci\u00f3n de datos<\/h3> <p>Los operadores de estas p\u00e1ginas se toman muy en serio la protecci\u00f3n de sus datos personales. Tratamos sus datos personales de forma confidencial y de acuerdo con las normativas legales de protecci\u00f3n de datos y la presente declaraci\u00f3n de protecci\u00f3n de datos.<\/p> <p>Cuando utiliza este sitio web, se recopilan diversos datos personales. Los datos personales son datos con los que se le puede identificar personalmente. La presente pol\u00edtica de privacidad explica qu\u00e9 datos recopilamos y para qu\u00e9 los utilizamos. Tambi\u00e9n explica c\u00f3mo y con qu\u00e9 prop\u00f3sito se hace esto.<\/p> <p>Se\u00f1alan que la transmisi\u00f3n de datos en Internet (por ejemplo, en la comunicaci\u00f3n por correo electr\u00f3nico) puede presentar brechas de seguridad. No es posible proteger los datos completamente contra el acceso de terceros.<\/p>\n<h3>Nota sobre el organismo responsable<\/h3> <p>La entidad responsable del procesamiento de datos en este sitio web es:<\/p> <p>Janina Leandra Weber<br \/>\nEn la arboleda 31<br \/>\n60437 Fr\u00e1ncfort del Meno. <br\/>Alemania<\/p>\n\n<p>Tel\u00e9fono: +49 176 847 20 987<br \/>\nCorreo electr\u00f3nico: info@content-creator-team.com<\/p>\n <p>La autoridad responsable es la persona f\u00edsica o jur\u00eddica que, sola o junto con otras, determina los fines y los medios del tratamiento de los datos personales (por ejemplo, nombres, direcciones de correo electr\u00f3nico, etc.).<\/p>\n\n<h3>Duraci\u00f3n del almacenamiento<\/h3> <p>Salvo que en esta pol\u00edtica de privacidad se especifique un per\u00edodo de almacenamiento concreto, sus datos personales permanecer\u00e1n con nosotros hasta que la finalidad del procesamiento de datos deje de ser aplicable. Si ejerce una solicitud de eliminaci\u00f3n v\u00e1lida o revoca su consentimiento para el procesamiento de datos, estos se eliminar\u00e1n, a menos que tengamos otros motivos legalmente permitidos para almacenar sus datos personales (por ejemplo, per\u00edodos de retenci\u00f3n estatutarios o comerciales); en este \u00faltimo caso, la eliminaci\u00f3n se realizar\u00e1 tras la desaparici\u00f3n de estos motivos.<\/p>\n<h3>Informaci\u00f3n general sobre la base jur\u00eddica del tratamiento de datos en este sitio web<\/h3> <p>Si ha dado su consentimiento para el tratamiento de datos, procesamos sus datos personales sobre la base del art. 6, apdo. 1 lit. a GDPR o del art. 9, apdo. 2 lit. a GDPR, en la medida en que se procesen categor\u00edas especiales de datos de conformidad con el art. 9, apdo. 1 GDPR. En caso de consentimiento expreso para la transferencia de datos personales a terceros pa\u00edses, el tratamiento de datos tambi\u00e9n se lleva a cabo sobre la base del art. 49, apdo. 1 lit. a GDPR. Si ha dado su consentimiento para el almacenamiento de cookies o el acceso a la informaci\u00f3n en su dispositivo final (por ejemplo, a trav\u00e9s de la huella digital del dispositivo), el procesamiento de datos tambi\u00e9n se lleva a cabo sobre la base del art\u00edculo 25 (1) del GDPR. El consentimiento puede revocarse en cualquier momento. Si sus datos son necesarios para el cumplimiento de un contrato o para la aplicaci\u00f3n de medidas precontractuales, procesamos sus datos sobre la base del Art. 6 p\u00e1rrafo 1 lit. b GDPR. Adem\u00e1s, procesamos sus datos si es necesario para cumplir una obligaci\u00f3n legal sobre la base del Art. 6 para. 1 lit. c GDPR. El tratamiento de datos tambi\u00e9n puede llevarse a cabo sobre la base de nuestro inter\u00e9s leg\u00edtimo, de conformidad con el art\u00edculo 6, apartado 1, letra f del RGPD. La informaci\u00f3n sobre las bases jur\u00eddicas pertinentes en cada caso individual se proporciona en los p\u00e1rrafos siguientes de esta pol\u00edtica de privacidad.<\/p>\n<h3>Destinatarios de los datos personales<\/h3> <p>En el marco de nuestras actividades comerciales, colaboramos con diversas entidades externas. En algunos casos, esto tambi\u00e9n requiere la transferencia de datos personales a estas entidades externas. Solo transmitimos datos personales a entidades externas cuando esto es necesario para la ejecuci\u00f3n de un contrato, cuando estamos legalmente obligados a hacerlo (por ejemplo, transferencia de datos a las autoridades fiscales), cuando tenemos un inter\u00e9s leg\u00edtimo de conformidad con el art\u00edculo 6, p\u00e1rrafo 1, letra f) del RGPD en la transferencia, o cuando otra base legal permite la transferencia de datos. Al utilizar encargados del tratamiento, solo transmitimos los datos personales de nuestros clientes sobre la base de un contrato v\u00e1lido de encargado del tratamiento. En caso de tratamiento conjunto, se celebra un acuerdo de tratamiento conjunto.<\/p>\n<h3>Revocaci\u00f3n de su consentimiento para el tratamiento de datos<\/h3> <p>Muchos procesos de procesamiento de datos solo son posibles con su consentimiento expl\u00edcito. Puede revocar un consentimiento ya otorgado en cualquier momento. La legalidad del procesamiento de datos llevado a cabo hasta el momento de la revocaci\u00f3n no se ver\u00e1 afectada por la revocaci\u00f3n.<\/p>\n<h3>Derecho de oposici\u00f3n al tratamiento de datos en supuestos concretos y a la publicidad directa (art. 21 RGPD)<\/h3> <p>CUANDO EL TRATAMIENTO DE DATOS SE BASE EN EL ART\u00cdCULO 6, APARTADO 1, LETRAS E O F DEL RGPD, USTED TIENE DERECHO, POR MOTIVOS RELACIONADOS CON SU SITUACI\u00d3N PARTICULAR, A OPONERSE EN CUALQUIER MOMENTO AL TRATAMIENTO DE SUS DATOS PERSONALES; ESTO TAMBI\u00c9N SE APLICA A LA ELABORACI\u00d3N DE PERFILES BASADA EN ESTAS DISPOSICIONES. PUEDE ENCONTRAR LA BASE JUR\u00cdDICA ESPEC\u00cdFICA EN LA QUE SE FUNDAMENTA EL TRATAMIENTO EN ESTA DECLARACI\u00d3N DE PRIVACIDAD. SI SE OPONE, YA NO TRATAREMOS SUS DATOS PERSONALES AFECTADOS, A MENOS QUE PODAMOS DEMOSTRAR MOTIVOS LEG\u00cdTIMOS IMPERATIVOS PARA EL TRATAMIENTO QUE PRIMEN SOBRE SUS INTERESES, DERECHOS Y LIBERTADES, O QUE EL TRATAMIENTO SIRVA PARA LA FORMULACI\u00d3N, EL EJERCICIO O LA DEFENSA DE RECLAMACIONES LEGALES (OPOSICI\u00d3N CONFORME AL ART\u00cdCULO 21, APARTADO 1, DEL RGPD).<\/p> <p>Si sus datos personales se procesan para fines de marketing directo, tiene derecho a oponerse en cualquier momento al tratamiento de sus datos personales para fines de dicho marketing directo; esto se aplica tambi\u00e9n a la elaboraci\u00f3n de perfiles en la medida en que est\u00e9 relacionada con dicho marketing directo. Si se opone, sus datos personales dejar\u00e1n de ser procesados para fines de marketing directo (oposici\u00f3n seg\u00fan el art\u00edculo 21, apartado 2, del RGPD).<\/p>\n<h3>Derecho de queja ante la autoridad supervisora competente<\/h3> <p>En caso de infracci\u00f3n del RGPD, los interesados tendr\u00e1n derecho a presentar una reclamaci\u00f3n ante una autoridad de control, en particular en el Estado miembro en el que tengan su residencia habitual, lugar de trabajo o lugar donde se haya producido la infracci\u00f3n presunta. El derecho a presentar una reclamaci\u00f3n se ejercer\u00e1 sin perjuicio de cualquier otra v\u00eda de recurso administrativa o judicial.<\/p>\n<h3>Derecho a la portabilidad de los datos<\/h3> <p>Tiene derecho a recibir los datos que procesamos autom\u00e1ticamente bas\u00e1ndonos en su consentimiento o en el cumplimiento de un contrato, en un formato com\u00fan y legible por m\u00e1quina, para usted o para un tercero. Si solicita la transferencia directa de los datos a otro responsable, solo se realizar\u00e1 en la medida en que sea t\u00e9cnicamente factible.<\/p>\n<h3>Informaci\u00f3n, rectificaci\u00f3n y supresi\u00f3n<\/h3> <p>Usted tiene derecho, en el marco de las disposiciones legales vigentes, a recibir en cualquier momento informaci\u00f3n gratuita sobre sus datos personales almacenados, su origen y destinatarios, as\u00ed como el prop\u00f3sito del tratamiento de los datos y, en su caso, derecho a la rectificaci\u00f3n o supresi\u00f3n de dichos datos. Para ello, as\u00ed como para otras preguntas sobre datos personales, puede ponerse en contacto con nosotros en cualquier momento.<\/p>\n<h3>Derecho a la limitaci\u00f3n del tratamiento<\/h3> <p>Tiene derecho a solicitar la limitaci\u00f3n del tratamiento de sus datos personales. Para ello, puede ponerse en contacto con nosotros en cualquier momento. El derecho a la limitaci\u00f3n del tratamiento existe en los siguientes casos:<\/p> <ul> <li>Si usted disputa la exactitud de sus datos personales almacenados por nosotros, generalmente necesitamos tiempo para verificarlo. Durante el per\u00edodo de verificaci\u00f3n, usted tiene derecho a solicitar la restricci\u00f3n del procesamiento de sus datos personales.<\/li> <li>Si el tratamiento de sus datos personales fuera il\u00edcito, puede solicitar la limitaci\u00f3n del tratamiento de los datos en lugar de su supresi\u00f3n.<\/li> <li>Si ya no necesitamos sus datos personales, pero usted los necesita para el establecimiento, el ejercicio o la defensa de reclamaciones, tiene derecho a solicitar la limitaci\u00f3n del tratamiento de sus datos personales en lugar de su supresi\u00f3n.<\/li> <li>Si ha presentado una objeci\u00f3n de conformidad con el art\u00edculo 21, apartado 1, del RGPD, se deber\u00e1 realizar una ponderaci\u00f3n de sus intereses y de los nuestros. Mientras no se haya determinado cu\u00e1les prevalecen, usted tiene derecho a solicitar la limitaci\u00f3n del tratamiento de sus datos personales.<\/li> <\/ul> <p>Si ha restringido el tratamiento de sus datos personales, estos datos, a excepci\u00f3n de su almacenamiento, solo podr\u00e1n ser tratados con su consentimiento o para la formulaci\u00f3n, el ejercicio o la defensa de reclamaciones o para la protecci\u00f3n de los derechos de otra persona f\u00edsica o jur\u00eddica o por razones de un inter\u00e9s p\u00fablico importante de la Uni\u00f3n Europea o de un Estado miembro.<\/p>\n<h3>Cifrado SSL o TLS<\/h3> <p>Esta p\u00e1gina utiliza cifrado SSL o TLS por motivos de seguridad y para proteger la transmisi\u00f3n de contenido confidencial, como pedidos o consultas que usted env\u00eda a nosotros como operadores del sitio. Puede reconocer una conexi\u00f3n cifrada porque la barra de direcciones de su navegador cambia de \u201ehttp:\/\/\u201c a \u201ehttps:\/\/\u201c y por el icono de candado en la barra de su navegador.<\/p> <p>Si el cifrado SSL o TLS est\u00e1 activado, los datos que nos env\u00eda no pueden ser le\u00eddos por terceros.<\/p>\n<h2>4. recogida de datos en este sitio web<\/h2>\n<h3>Cookies<\/h3> <p>Nuestros sitios web utilizan las llamadas \u201ecookies\u201c. Las cookies son peque\u00f1os paquetes de datos y no da\u00f1an su dispositivo. Se guardan en su dispositivo ya sea temporalmente durante una sesi\u00f3n (cookies de sesi\u00f3n) o de forma permanente (cookies permanentes). Las cookies de sesi\u00f3n se eliminan autom\u00e1ticamente al final de su visita. Las cookies permanentes permanecen guardadas en su dispositivo hasta que usted mismo las elimine o su navegador web las elimine autom\u00e1ticamente.<\/p> <p>Las cookies pueden ser nuestras (cookies propias) o provenir de terceros (las llamadas cookies de terceros). Las cookies de terceros permiten la integraci\u00f3n de determinados servicios de terceros dentro de p\u00e1ginas web (por ejemplo, cookies para el procesamiento de servicios de pago).<\/p> <p>Las cookies tienen diferentes funciones. Numerosas cookies son t\u00e9cnicamente necesarias, ya que ciertas funciones del sitio web no funcionar\u00edan sin ellas (por ejemplo, la funci\u00f3n del carrito de compras o la visualizaci\u00f3n de videos). Otras cookies se pueden utilizar para analizar el comportamiento del usuario o con fines publicitarios.<\/p> <p>Las cookies necesarias para llevar a cabo el proceso de comunicaci\u00f3n electr\u00f3nica, para facilitar ciertas funciones deseadas por usted (por ejemplo, la funci\u00f3n del carrito de la compra) o para optimizar el sitio web (por ejemplo, cookies para medir la audiencia web) (cookies necesarias) se almacenan sobre la base del Art. 6 P\u00e1rrafo 1 lit. f del RGPD, a menos que se indique otra base legal. El operador del sitio web tiene un inter\u00e9s leg\u00edtimo en el almacenamiento de cookies necesarias para la provisi\u00f3n t\u00e9cnicamente correcta y optimizada de sus servicios. Si se ha solicitado el consentimiento para el almacenamiento de cookies y tecnolog\u00edas de reconocimiento comparables, el procesamiento se realizar\u00e1 exclusivamente sobre la base de este consentimiento (Art. 6 P\u00e1rrafo 1 lit. a del RGPD y \u00a7 25 P\u00e1rrafo 1 TTDSG); el consentimiento se puede revocar en cualquier momento.<\/p> <p>Puede configurar su navegador para que le informe sobre la configuraci\u00f3n de las cookies y le permita aceptar cookies solo en casos individuales, excluir la aceptaci\u00f3n de cookies en casos espec\u00edficos o de forma general, y activar la eliminaci\u00f3n autom\u00e1tica de cookies al cerrar el navegador. La funcionalidad de este sitio web puede verse limitada al desactivar las cookies.<\/p> <p>Las cookies y los servicios que se utilizan en este sitio web se pueden encontrar en nuestra pol\u00edtica de privacidad.<\/p>\n<h3>Formulario de contacto<\/h3> <p>Si nos env\u00eda consultas a trav\u00e9s del formulario de contacto, sus datos del formulario de consulta, incluidos los datos de contacto que proporcione all\u00ed, se almacenar\u00e1n para procesar la consulta y en caso de preguntas de seguimiento. No compartiremos estos datos sin su consentimiento.<\/p> <p>El procesamiento de estos datos se basa en el Art. 6, apartado 1, letra b) del RGPD, si su solicitud est\u00e1 relacionada con el cumplimiento de un contrato o es necesaria para la ejecuci\u00f3n de medidas precontractuales. En todos los dem\u00e1s casos, el procesamiento se basa en nuestro inter\u00e9s leg\u00edtimo en el procesamiento efectivo de las solicitudes dirigidas a nosotros (Art. 6, apartado 1, letra f) del RGPD) o en su consentimiento (Art. 6, apartado 1, letra a) del RGPD) siempre que se haya solicitado; el consentimiento puede revocarse en cualquier momento.<\/p> <p>Los datos que introduce en el formulario de contacto permanecen con nosotros hasta que nos solicite su eliminaci\u00f3n, revoque su consentimiento para el almacenamiento o el prop\u00f3sito del almacenamiento de datos deje de ser v\u00e1lido (por ejemplo, despu\u00e9s de que su solicitud haya sido procesada). Las disposiciones legales obligatorias, en particular los per\u00edodos de retenci\u00f3n, no se ven afectadas.<\/p>\n<h3>Consulta por correo electr\u00f3nico, tel\u00e9fono o fax<\/h3> <p>Si se pone en contacto con nosotros por correo electr\u00f3nico, tel\u00e9fono o fax, su consulta, incluidos todos sus datos personales (nombre, consulta), ser\u00e1 almacenada y procesada por nosotros con el fin de tramitar su solicitud. No transmitiremos estos datos sin su consentimiento.<\/p> <p>El procesamiento de estos datos se basa en el Art. 6, apartado 1, letra b) del RGPD, si su solicitud est\u00e1 relacionada con el cumplimiento de un contrato o es necesaria para la ejecuci\u00f3n de medidas precontractuales. En todos los dem\u00e1s casos, el procesamiento se basa en nuestro inter\u00e9s leg\u00edtimo en el procesamiento efectivo de las solicitudes dirigidas a nosotros (Art. 6, apartado 1, letra f) del RGPD) o en su consentimiento (Art. 6, apartado 1, letra a) del RGPD) siempre que se haya solicitado; el consentimiento puede revocarse en cualquier momento.<\/p> <p>Los datos que nos env\u00ede a trav\u00e9s de las solicitudes de contacto permanecer\u00e1n con nosotros hasta que nos solicite su eliminaci\u00f3n, revoque su consentimiento para el almacenamiento o el prop\u00f3sito del almacenamiento de datos deje de ser v\u00e1lido (por ejemplo, despu\u00e9s de que se haya procesado su consulta). Las disposiciones legales imperativas, en particular los per\u00edodos de conservaci\u00f3n legales, no se ven afectadas.<\/p>\n<h2>5. redes sociales<\/h2>\n<h3>Facebook<\/h3> <p>En este sitio web se integran elementos de la red social Facebook. El proveedor de este servicio es Meta Platforms Ireland Limited, 4 Grand Canal Square, Dublin 2, Irlanda. Seg\u00fan Facebook, los datos recopilados tambi\u00e9n se transfieren a Estados Unidos y a otros terceros pa\u00edses.<\/p> <p>Aqu\u00ed encontrar\u00e1 una descripci\u00f3n general de los elementos de redes sociales de Facebook: <a href=\"https:\/\/developers.facebook.com\/docs\/plugins\/?locale=de_DE\" target=\"_blank\" rel=\"noopener noreferrer\">https:\/\/developers.facebook.com\/docs\/plugins\/?locale=de_DE<\/a>.<\/p> <p>Cuando el elemento de redes sociales est\u00e1 activo, se establece una conexi\u00f3n directa entre su dispositivo final y el servidor de Facebook. De este modo, Facebook recibe la informaci\u00f3n de que ha visitado este sitio web con su direcci\u00f3n IP. Si hace clic en el bot\u00f3n \u201eMe gusta\u201c de Facebook mientras tiene la sesi\u00f3n iniciada en su cuenta de Facebook, podr\u00e1 enlazar el contenido de este sitio web en su perfil de Facebook. De este modo, Facebook podr\u00e1 atribuir la visita a este sitio web a su cuenta de usuario. Le informamos de que nosotros, como proveedor de las p\u00e1ginas, no tenemos conocimiento del contenido de los datos transmitidos ni de su uso por parte de Facebook. Encontrar\u00e1 m\u00e1s informaci\u00f3n al respecto en la pol\u00edtica de privacidad de Facebook en: <a href=\"https:\/\/de-de.facebook.com\/privacy\/explanation\" target=\"_blank\" rel=\"noopener noreferrer\">https:\/\/de-de.facebook.com\/privacy\/explanation<\/a>.<\/p> <p>En la medida en que se haya obtenido el consentimiento, el uso del servicio mencionado se basar\u00e1 en el art\u00edculo 6, apartado 1, letra a) del RGPD y el \u00a7 25 TTDSG. El consentimiento podr\u00e1 ser revocado en cualquier momento. En la medida en que no se haya obtenido el consentimiento, el uso del servicio se basar\u00e1 en nuestro inter\u00e9s leg\u00edtimo en tener la mayor visibilidad posible en las redes sociales.<\/p> <p>En la medida en que los datos personales se recopilan en nuestro sitio web y se transmiten a Facebook con la ayuda de la herramienta descrita aqu\u00ed, nosotros y Meta Platforms Ireland Limited, 4 Grand Canal Square, Grand Canal Harbour, Dublin 2, Irlanda, somos corresponsables de este procesamiento de datos (art\u00edculo 26 RGPD). La corresponsabilidad se limita exclusivamente a la recopilaci\u00f3n de datos y su transmisi\u00f3n a Facebook. El procesamiento posterior por parte de Facebook despu\u00e9s de la transmisi\u00f3n no forma parte de la corresponsabilidad. Las obligaciones que tenemos conjuntamente se han establecido en un acuerdo de procesamiento conjunto. Puede encontrar el texto del acuerdo en: <a href=\"https:\/\/www.facebook.com\/legal\/controller_addendum\" target=\"_blank\" rel=\"noopener noreferrer\">https:\/\/www.facebook.com\/legal\/controller_addendum<\/a>. Seg\u00fan este acuerdo, somos responsables de proporcionar la informaci\u00f3n de protecci\u00f3n de datos al utilizar la herramienta de Facebook y de la implementaci\u00f3n segura de la herramienta en nuestro sitio web en cumplimiento de la normativa de protecci\u00f3n de datos. Facebook es responsable de la seguridad de los datos de sus productos. Puede ejercer sus derechos (por ejemplo, solicitudes de informaci\u00f3n) con respecto a los datos procesados \u200b\u200bpor Facebook directamente con Facebook. Si ejerce sus derechos con nosotros, estamos obligados a transmitirlos a Facebook.<\/p> <p>La transferencia de datos a los EE. UU. se basa en las cl\u00e1usulas contractuales est\u00e1ndar de la Comisi\u00f3n de la UE. Puede encontrar m\u00e1s detalles aqu\u00ed: <a href=\"https:\/\/www.facebook.com\/legal\/EU_data_transfer_addendum\" target=\"_blank\" rel=\"noopener noreferrer\">https:\/\/www.facebook.com\/legal\/EU_data_transfer_addendum<\/a>, <a href=\"https:\/\/de-de.facebook.com\/help\/566994660333381\" target=\"_blank\" rel=\"noopener noreferrer\">https:\/\/de-de.facebook.com\/help\/566994660333381<\/a> y <a href=\"https:\/\/www.facebook.com\/policy.php\" target=\"_blank\" rel=\"noopener noreferrer\">https:\/\/www.facebook.com\/policy.php<\/a>.<\/p>\n<p>La empresa cuenta con la certificaci\u00f3n del \u201eEU-US Data Privacy Framework\u201c (DPF). El DPF es un acuerdo entre la Uni\u00f3n Europea y Estados Unidos destinado a garantizar el cumplimiento de las normas europeas de protecci\u00f3n de datos en el procesamiento de datos en EE. UU. Cada empresa certificada bajo el DPF se compromete a cumplir estas normas de protecci\u00f3n de datos. Puede encontrar m\u00e1s informaci\u00f3n sobre esto en el proveedor en el siguiente enlace: <a href=\"https:\/\/www.dataprivacyframework.gov\/s\/participant-search\/participant-detail?contact=true&id=a2zt0000000GnywAAC&status=Active\" target=\"_blank\" rel=\"noopener noreferrer\">https:\/\/www.dataprivacyframework.gov\/s\/participant-search\/participant-detail?contact=true&id=a2zt0000000GnywAAC&status=Active<\/a><\/p>\n<h3>Instagram<\/h3> <p>En este sitio web se integran funciones del servicio Instagram. Estas funciones son ofrecidas por Meta Platforms Ireland Limited, 4 Grand Canal Square, Grand Canal Harbour, Dubl\u00edn 2, Irlanda.<\/p> <p>Cuando el elemento de redes sociales est\u00e1 activo, se establece una conexi\u00f3n directa entre tu dispositivo final y el servidor de Instagram. Instagram recibe as\u00ed informaci\u00f3n sobre tu visita a este sitio web.<\/p> <p>Cuando haya iniciado sesi\u00f3n en su cuenta de Instagram, podr\u00e1 vincular el contenido de este sitio web a su perfil de Instagram haciendo clic en el bot\u00f3n de Instagram. Esto permite que Instagram asocie la visita a este sitio web con su cuenta de usuario. Le informamos que nosotros, como proveedores de las p\u00e1ginas, no tenemos conocimiento del contenido de los datos transmitidos ni de su uso por parte de Instagram.<\/p> <p>En la medida en que se haya obtenido el consentimiento, el uso del servicio mencionado se basar\u00e1 en el art\u00edculo 6, apartado 1, letra a) del RGPD y el \u00a7 25 TTDSG. El consentimiento podr\u00e1 ser revocado en cualquier momento. En la medida en que no se haya obtenido el consentimiento, el uso del servicio se basar\u00e1 en nuestro inter\u00e9s leg\u00edtimo en tener la mayor visibilidad posible en las redes sociales.<\/p> <p>En la medida en que los datos personales se recopilen en nuestro sitio web con la ayuda de la herramienta aqu\u00ed descrita y se transmitan a Facebook o Instagram, nosotros y Meta Platforms Ireland Limited, 4 Grand Canal Square, Grand Canal Harbour, Dublin 2, Irlanda, somos conjuntamente responsables de este tratamiento de datos (art\u00edculo 26 del RGPD). La responsabilidad conjunta se limita exclusivamente a la recopilaci\u00f3n de datos y su transmisi\u00f3n a Facebook o Instagram. El tratamiento posterior por parte de Facebook o Instagram, tras la transmisi\u00f3n, no forma parte de la responsabilidad conjunta. Las obligaciones que compartimos se han establecido en un acuerdo de tratamiento conjunto. El texto del acuerdo se puede encontrar en: <a href=\"https:\/\/www.facebook.com\/legal\/controller_addendum\" target=\"_blank\" rel=\"noopener noreferrer\">https:\/\/www.facebook.com\/legal\/controller_addendum<\/a>. Seg\u00fan este acuerdo, somos responsables de proporcionar la informaci\u00f3n de protecci\u00f3n de datos al utilizar la herramienta de Facebook o Instagram y de la implementaci\u00f3n de la herramienta en nuestro sitio web de forma segura en t\u00e9rminos de protecci\u00f3n de datos. Facebook es responsable de la seguridad de los datos de los productos de Facebook o Instagram. Puede solicitar directamente a Facebook sus derechos como interesado (por ejemplo, solicitudes de informaci\u00f3n) con respecto a los datos procesados en Facebook o Instagram. Si nos ejerce sus derechos como interesado, estamos obligados a reenviarlos a Facebook.<\/p> <p>La transferencia de datos a los EE. UU. se basa en las cl\u00e1usulas contractuales est\u00e1ndar de la Comisi\u00f3n de la UE. Puede encontrar m\u00e1s detalles aqu\u00ed: <a href=\"https:\/\/www.facebook.com\/legal\/EU_data_transfer_addendum\" target=\"_blank\" rel=\"noopener noreferrer\">https:\/\/www.facebook.com\/legal\/EU_data_transfer_addendum<\/a>, <a href=\"https:\/\/privacycenter.instagram.com\/policy\/\" target=\"_blank\" rel=\"noopener noreferrer\">https:\/\/privacycenter.instagram.com\/policy\/<\/a> y <a href=\"https:\/\/de-de.facebook.com\/help\/566994660333381\" target=\"_blank\" rel=\"noopener noreferrer\">https:\/\/de-de.facebook.com\/help\/566994660333381<\/a>.<\/p> <p>Para obtener m\u00e1s informaci\u00f3n, consulta la pol\u00edtica de privacidad de Instagram: <a href=\"https:\/\/privacycenter.instagram.com\/policy\/\" target=\"_blank\" rel=\"noopener noreferrer\">https:\/\/privacycenter.instagram.com\/policy\/<\/a>.<\/p>\n<p>La empresa cuenta con la certificaci\u00f3n del \u201eEU-US Data Privacy Framework\u201c (DPF). El DPF es un acuerdo entre la Uni\u00f3n Europea y Estados Unidos destinado a garantizar el cumplimiento de las normas europeas de protecci\u00f3n de datos en el procesamiento de datos en EE. UU. Cada empresa certificada bajo el DPF se compromete a cumplir estas normas de protecci\u00f3n de datos. Puede encontrar m\u00e1s informaci\u00f3n sobre esto en el proveedor en el siguiente enlace: <a href=\"https:\/\/www.dataprivacyframework.gov\/s\/participant-search\/participant-detail?contact=true&id=a2zt0000000GnywAAC&status=Active\" target=\"_blank\" rel=\"noopener noreferrer\">https:\/\/www.dataprivacyframework.gov\/s\/participant-search\/participant-detail?contact=true&id=a2zt0000000GnywAAC&status=Active<\/a><\/p>\n<h2>6. plugins y herramientas<\/h2>\n<h3>Google Maps<\/h3> <p>Esta p\u00e1gina utiliza el servicio de mapas Google Maps. El proveedor es Google Ireland Limited (\u201eGoogle\u201c), Gordon House, Barrow Street, Dublin 4, Irlanda.<\/p> <p>Para utilizar las funciones de Google Maps, es necesario almacenar su direcci\u00f3n IP. Esta informaci\u00f3n se transfiere generalmente a un servidor de Google en EE. UU. y se almacena all\u00ed. El proveedor de este sitio no tiene control sobre esta transferencia de datos. Si Google Maps est\u00e1 activado, Google puede utilizar Google Fonts con el fin de mostrar las fuentes de forma uniforme. Al llamar a Google Maps, su navegador carga las fuentes web necesarias en su cach\u00e9 para mostrar textos y fuentes correctamente.<\/p> <p>El uso de Google Maps se realiza en inter\u00e9s de una presentaci\u00f3n atractiva de nuestras ofertas en l\u00ednea y de una f\u00e1cil localizaci\u00f3n de los lugares indicados en el sitio web. Esto representa un inter\u00e9s leg\u00edtimo en el sentido del Art. 6, apart. 1, letra f del RGPD. Si se ha solicitado el consentimiento correspondiente, el tratamiento se realizar\u00e1 exclusivamente sobre la base del Art. 6, apart. 1, letra a del RGPD y del \u00a7 25, apart. 1 de la TTDSG, en la medida en que el consentimiento incluya el almacenamiento de cookies o el acceso a informaci\u00f3n en el dispositivo final del usuario (por ejemplo, Device-Fingerprinting) en el sentido de la TTDSG. El consentimiento puede ser revocado en cualquier momento.<\/p> <p>La transferencia de datos a los EE. UU. se basa en las cl\u00e1usulas contractuales est\u00e1ndar de la Comisi\u00f3n de la UE. Puede encontrar m\u00e1s detalles aqu\u00ed: <a href=\"https:\/\/privacy.google.com\/businesses\/gdprcontrollerterms\/\" target=\"_blank\" rel=\"noopener noreferrer\">https:\/\/privacy.google.com\/businesses\/gdprcontrollerterms\/<\/a> y <a href=\"https:\/\/privacy.google.com\/businesses\/gdprcontrollerterms\/sccs\/\" target=\"_blank\" rel=\"noopener noreferrer\">https:\/\/privacy.google.com\/businesses\/gdprcontrollerterms\/sccs\/<\/a>.<\/p> <p>Puede encontrar m\u00e1s informaci\u00f3n sobre c\u00f3mo se manejan los datos de los usuarios en la Pol\u00edtica de Privacidad de Google: <a href=\"https:\/\/policies.google.com\/privacy?hl=de\" target=\"_blank\" rel=\"noopener noreferrer\">https:\/\/policies.google.com\/privacy?hl=de<\/a>.<\/p>\n<p>La empresa cuenta con la certificaci\u00f3n del \u201eEU-US Data Privacy Framework\u201c (DPF). El DPF es un acuerdo entre la Uni\u00f3n Europea y Estados Unidos destinado a garantizar el cumplimiento de las normas europeas de protecci\u00f3n de datos en el procesamiento de datos en EE. UU. Cada empresa certificada bajo el DPF se compromete a cumplir estas normas de protecci\u00f3n de datos. Puede encontrar m\u00e1s informaci\u00f3n sobre esto en el proveedor en el siguiente enlace: <a href=\"https:\/\/www.dataprivacyframework.gov\/s\/participant-search\/participant-detail?contact=true&id=a2zt000000001L5AAI&status=Active\" target=\"_blank\" rel=\"noopener noreferrer\">https:\/\/www.dataprivacyframework.gov\/s\/participant-search\/participant-detail?contact=true&id=a2zt000000001L5AAI&status=Active<\/a><\/p>\n<p>Fuente: <a href=\"https:\/\/www.e-recht24.de\">https:\/\/www.e-recht24.de<\/a><\/p>\t\t\t\t<\/div>\n\t\t\t\t<\/div>\n\t\t\t\t\t<\/div>\n\t\t\t\t<\/div>\n\t\t\t\t<\/div>","protected":false},"excerpt":{"rendered":"<p>Datenschutz\u00aderkl\u00e4rung 1. Datenschutz auf einen Blick Allgemeine Hinweise Die folgenden Hinweise geben einen einfachen \u00dcberblick dar\u00fcber, was mit Ihren personenbezogenen Daten passiert, wenn Sie diese Website besuchen. Personenbezogene Daten sind alle Daten, mit denen Sie pers\u00f6nlich identifiziert werden k\u00f6nnen. Ausf\u00fchrliche Informationen zum Thema Datenschutz entnehmen Sie unserer unter diesem Text aufgef\u00fchrten Datenschutzerkl\u00e4rung. Datenerfassung auf dieser Website Wer ist verantwortlich f\u00fcr die Datenerfassung auf dieser Website? Die Datenverarbeitung auf dieser Website erfolgt durch den Websitebetreiber. Dessen Kontaktdaten k\u00f6nnen Sie dem Abschnitt [&hellip;]<\/p>\n","protected":false},"author":1,"featured_media":0,"parent":0,"menu_order":0,"comment_status":"closed","ping_status":"closed","template":"","meta":{"footnotes":""},"class_list":["post-3421","page","type-page","status-publish","hentry"],"yoast_head":"<!-- This site is optimized with the Yoast SEO plugin v27.5 - https:\/\/yoast.com\/product\/yoast-seo-wordpress\/ -->\n<title>Datenschutz - Content Creator Team - Germany &amp; Mallorca<\/title>\n<meta name=\"robots\" content=\"index, follow, max-snippet:-1, max-image-preview:large, max-video-preview:-1\" \/>\n<link rel=\"canonical\" href=\"https:\/\/content-creator-team.com\/es\/proteccion-de-datos\/\" \/>\n<meta property=\"og:locale\" content=\"es_ES\" \/>\n<meta property=\"og:type\" content=\"article\" \/>\n<meta property=\"og:title\" content=\"Datenschutz - Content Creator Team - Germany &amp; Mallorca\" \/>\n<meta property=\"og:description\" content=\"Datenschutz\u00aderkl\u00e4rung 1. Datenschutz auf einen Blick Allgemeine Hinweise Die folgenden Hinweise geben einen einfachen \u00dcberblick dar\u00fcber, was mit Ihren personenbezogenen Daten passiert, wenn Sie diese Website besuchen. Personenbezogene Daten sind alle Daten, mit denen Sie pers\u00f6nlich identifiziert werden k\u00f6nnen. Ausf\u00fchrliche Informationen zum Thema Datenschutz entnehmen Sie unserer unter diesem Text aufgef\u00fchrten Datenschutzerkl\u00e4rung. Datenerfassung auf dieser Website Wer ist verantwortlich f\u00fcr die Datenerfassung auf dieser Website? Die Datenverarbeitung auf dieser Website erfolgt durch den Websitebetreiber. Dessen Kontaktdaten k\u00f6nnen Sie dem Abschnitt [&hellip;]\" \/>\n<meta property=\"og:url\" content=\"https:\/\/content-creator-team.com\/es\/proteccion-de-datos\/\" \/>\n<meta property=\"og:site_name\" content=\"Content Creator Team - Germany &amp; Mallorca\" \/>\n<meta property=\"article:modified_time\" content=\"2025-03-08T14:16:40+00:00\" \/>\n<meta name=\"twitter:card\" content=\"summary_large_image\" \/>\n<meta name=\"twitter:label1\" content=\"Tiempo de lectura\" \/>\n\t<meta name=\"twitter:data1\" content=\"20 minutos\" \/>\n<script type=\"application\/ld+json\" class=\"yoast-schema-graph\">{\"@context\":\"https:\\\/\\\/schema.org\",\"@graph\":[{\"@type\":\"WebPage\",\"@id\":\"https:\\\/\\\/content-creator-team.com\\\/datenschutz\\\/\",\"url\":\"https:\\\/\\\/content-creator-team.com\\\/datenschutz\\\/\",\"name\":\"Datenschutz - Content Creator Team - Germany &amp; Mallorca\",\"isPartOf\":{\"@id\":\"https:\\\/\\\/content-creator-team.com\\\/#website\"},\"datePublished\":\"2025-02-16T19:29:58+00:00\",\"dateModified\":\"2025-03-08T14:16:40+00:00\",\"breadcrumb\":{\"@id\":\"https:\\\/\\\/content-creator-team.com\\\/datenschutz\\\/#breadcrumb\"},\"inLanguage\":\"es\",\"potentialAction\":[{\"@type\":\"ReadAction\",\"target\":[\"https:\\\/\\\/content-creator-team.com\\\/datenschutz\\\/\"]}]},{\"@type\":\"BreadcrumbList\",\"@id\":\"https:\\\/\\\/content-creator-team.com\\\/datenschutz\\\/#breadcrumb\",\"itemListElement\":[{\"@type\":\"ListItem\",\"position\":1,\"name\":\"Startseite\",\"item\":\"https:\\\/\\\/content-creator-team.com\\\/\"},{\"@type\":\"ListItem\",\"position\":2,\"name\":\"Datenschutz\"}]},{\"@type\":\"WebSite\",\"@id\":\"https:\\\/\\\/content-creator-team.com\\\/#website\",\"url\":\"https:\\\/\\\/content-creator-team.com\\\/\",\"name\":\"Content-Creator-Team.com\",\"description\":\"Creating content for you and your brand!\",\"publisher\":{\"@id\":\"https:\\\/\\\/content-creator-team.com\\\/#\\\/schema\\\/person\\\/7a67262b5593998c9e40d7d30de3656d\"},\"potentialAction\":[{\"@type\":\"SearchAction\",\"target\":{\"@type\":\"EntryPoint\",\"urlTemplate\":\"https:\\\/\\\/content-creator-team.com\\\/?s={search_term_string}\"},\"query-input\":{\"@type\":\"PropertyValueSpecification\",\"valueRequired\":true,\"valueName\":\"search_term_string\"}}],\"inLanguage\":\"es\"},{\"@type\":[\"Person\",\"Organization\"],\"@id\":\"https:\\\/\\\/content-creator-team.com\\\/#\\\/schema\\\/person\\\/7a67262b5593998c9e40d7d30de3656d\",\"name\":\"Lea\",\"image\":{\"@type\":\"ImageObject\",\"inLanguage\":\"es\",\"@id\":\"https:\\\/\\\/secure.gravatar.com\\\/avatar\\\/92e3bcb9aafd9b8c2c58a38a28cd72f6989e19f7f767027ba5529d0e18fb0655?s=96&d=mm&r=g\",\"url\":\"https:\\\/\\\/secure.gravatar.com\\\/avatar\\\/92e3bcb9aafd9b8c2c58a38a28cd72f6989e19f7f767027ba5529d0e18fb0655?s=96&d=mm&r=g\",\"contentUrl\":\"https:\\\/\\\/secure.gravatar.com\\\/avatar\\\/92e3bcb9aafd9b8c2c58a38a28cd72f6989e19f7f767027ba5529d0e18fb0655?s=96&d=mm&r=g\",\"caption\":\"Lea\"},\"logo\":{\"@id\":\"https:\\\/\\\/secure.gravatar.com\\\/avatar\\\/92e3bcb9aafd9b8c2c58a38a28cd72f6989e19f7f767027ba5529d0e18fb0655?s=96&d=mm&r=g\"},\"sameAs\":[\"http:\\\/\\\/content-creator-team.com\"]}]}<\/script>\n<!-- \/ Yoast SEO plugin. -->","yoast_head_json":{"title":"Protecci\u00f3n de datos - Equipo de creaci\u00f3n de contenidos - Alemania y Mallorca","robots":{"index":"index","follow":"follow","max-snippet":"max-snippet:-1","max-image-preview":"max-image-preview:large","max-video-preview":"max-video-preview:-1"},"canonical":"https:\/\/content-creator-team.com\/es\/proteccion-de-datos\/","og_locale":"es_ES","og_type":"article","og_title":"Datenschutz - Content Creator Team - Germany &amp; Mallorca","og_description":"Datenschutz\u00aderkl\u00e4rung 1. Datenschutz auf einen Blick Allgemeine Hinweise Die folgenden Hinweise geben einen einfachen \u00dcberblick dar\u00fcber, was mit Ihren personenbezogenen Daten passiert, wenn Sie diese Website besuchen. Personenbezogene Daten sind alle Daten, mit denen Sie pers\u00f6nlich identifiziert werden k\u00f6nnen. Ausf\u00fchrliche Informationen zum Thema Datenschutz entnehmen Sie unserer unter diesem Text aufgef\u00fchrten Datenschutzerkl\u00e4rung. Datenerfassung auf dieser Website Wer ist verantwortlich f\u00fcr die Datenerfassung auf dieser Website? Die Datenverarbeitung auf dieser Website erfolgt durch den Websitebetreiber. Dessen Kontaktdaten k\u00f6nnen Sie dem Abschnitt [&hellip;]","og_url":"https:\/\/content-creator-team.com\/es\/proteccion-de-datos\/","og_site_name":"Content Creator Team - Germany &amp; Mallorca","article_modified_time":"2025-03-08T14:16:40+00:00","twitter_card":"summary_large_image","twitter_misc":{"Tiempo de lectura":"20 minutos"},"schema":{"@context":"https:\/\/schema.org","@graph":[{"@type":"WebPage","@id":"https:\/\/content-creator-team.com\/datenschutz\/","url":"https:\/\/content-creator-team.com\/datenschutz\/","name":"Protecci\u00f3n de datos - Equipo de creaci\u00f3n de contenidos - Alemania y Mallorca","isPartOf":{"@id":"https:\/\/content-creator-team.com\/#website"},"datePublished":"2025-02-16T19:29:58+00:00","dateModified":"2025-03-08T14:16:40+00:00","breadcrumb":{"@id":"https:\/\/content-creator-team.com\/datenschutz\/#breadcrumb"},"inLanguage":"es","potentialAction":[{"@type":"ReadAction","target":["https:\/\/content-creator-team.com\/datenschutz\/"]}]},{"@type":"BreadcrumbList","@id":"https:\/\/content-creator-team.com\/datenschutz\/#breadcrumb","itemListElement":[{"@type":"ListItem","position":1,"name":"Startseite","item":"https:\/\/content-creator-team.com\/"},{"@type":"ListItem","position":2,"name":"Datenschutz"}]},{"@type":"WebSite","@id":"https:\/\/content-creator-team.com\/#website","url":"https:\/\/content-creator-team.com\/","name":"Content-Creator-Team.com","description":"Creando contenidos para usted y su marca","publisher":{"@id":"https:\/\/content-creator-team.com\/#\/schema\/person\/7a67262b5593998c9e40d7d30de3656d"},"potentialAction":[{"@type":"SearchAction","target":{"@type":"EntryPoint","urlTemplate":"https:\/\/content-creator-team.com\/?s={search_term_string}"},"query-input":{"@type":"PropertyValueSpecification","valueRequired":true,"valueName":"search_term_string"}}],"inLanguage":"es"},{"@type":["Person","Organization"],"@id":"https:\/\/content-creator-team.com\/#\/schema\/person\/7a67262b5593998c9e40d7d30de3656d","name":"Lea","image":{"@type":"ImageObject","inLanguage":"es","@id":"https:\/\/secure.gravatar.com\/avatar\/92e3bcb9aafd9b8c2c58a38a28cd72f6989e19f7f767027ba5529d0e18fb0655?s=96&d=mm&r=g","url":"https:\/\/secure.gravatar.com\/avatar\/92e3bcb9aafd9b8c2c58a38a28cd72f6989e19f7f767027ba5529d0e18fb0655?s=96&d=mm&r=g","contentUrl":"https:\/\/secure.gravatar.com\/avatar\/92e3bcb9aafd9b8c2c58a38a28cd72f6989e19f7f767027ba5529d0e18fb0655?s=96&d=mm&r=g","caption":"Lea"},"logo":{"@id":"https:\/\/secure.gravatar.com\/avatar\/92e3bcb9aafd9b8c2c58a38a28cd72f6989e19f7f767027ba5529d0e18fb0655?s=96&d=mm&r=g"},"sameAs":["http:\/\/content-creator-team.com"]}]}},"_links":{"self":[{"href":"https:\/\/content-creator-team.com\/es\/wp-json\/wp\/v2\/pages\/3421","targetHints":{"allow":["GET"]}}],"collection":[{"href":"https:\/\/content-creator-team.com\/es\/wp-json\/wp\/v2\/pages"}],"about":[{"href":"https:\/\/content-creator-team.com\/es\/wp-json\/wp\/v2\/types\/page"}],"author":[{"embeddable":true,"href":"https:\/\/content-creator-team.com\/es\/wp-json\/wp\/v2\/users\/1"}],"replies":[{"embeddable":true,"href":"https:\/\/content-creator-team.com\/es\/wp-json\/wp\/v2\/comments?post=3421"}],"version-history":[{"count":4,"href":"https:\/\/content-creator-team.com\/es\/wp-json\/wp\/v2\/pages\/3421\/revisions"}],"predecessor-version":[{"id":4940,"href":"https:\/\/content-creator-team.com\/es\/wp-json\/wp\/v2\/pages\/3421\/revisions\/4940"}],"wp:attachment":[{"href":"https:\/\/content-creator-team.com\/es\/wp-json\/wp\/v2\/media?parent=3421"}],"curies":[{"name":"wp","href":"https:\/\/api.w.org\/{rel}","templated":true}]}}